{"id":242,"date":"2017-09-07T16:36:38","date_gmt":"2017-09-07T16:36:38","guid":{"rendered":"http:\/\/www.plexo.edu.uy\/?page_id=242"},"modified":"2017-09-07T16:36:38","modified_gmt":"2017-09-07T16:36:38","slug":"efi-plexo","status":"publish","type":"page","link":"https:\/\/viaje18.plexo.edu.uy\/index.php\/institucional\/efi-plexo\/","title":{"rendered":"EFI Plexo"},"content":{"rendered":"<p>[et_pb_section bb_built=&#8221;1&#8243; _builder_version=&#8221;3.0.71&#8243; custom_padding=&#8221;0px|||&#8221;][et_pb_row][et_pb_column type=&#8221;4_4&#8243;][et_pb_text _builder_version=&#8221;3.0.71&#8243; background_layout=&#8221;light&#8221; text_orientation=&#8221;left&#8221; border_style=&#8221;solid&#8221;]<\/p>\n<p style=\"text-align: left;\"><strong>Roles y cometidos del Espacio de Formaci\u00f3n Integral (EFI) Plexo<\/strong><\/p>\n<hr \/>\n<p>[\/et_pb_text][\/et_pb_column][\/et_pb_row][et_pb_row][et_pb_column type=&#8221;2_3&#8243;][et_pb_text _builder_version=&#8221;3.0.71&#8243; background_layout=&#8221;light&#8221; text_orientation=&#8221;left&#8221; border_style=&#8221;solid&#8221;]<br \/>\nEl espacio de formaci\u00f3n integral (EFI) PLEXO busca\u00a0posicionarse como un <em>do\/think tank<\/em> de actividades referentes al Viaje de Arquitectura, que surge de la experiencia <a href=\"http:\/\/www.fadu.edu.uy\/viaje2015\/\" target=\"_blank\" rel=\"noopener\">&#8220;Plexo &#8211; Una traves\u00eda multisensorial&#8221;<\/a>, del a\u00f1o 2015.<br \/>\nSe postula como\u00a0un colectivo din\u00e1mico, con la intenci\u00f3n de sumar conocimientos y aportar acciones concretas de\u00a0difusi\u00f3n y divulgaci\u00f3n de la herramienta \u201cviaje\u201d dentro de la formaci\u00f3n del arquitecto.<br \/>\nEl objetivo\u00a0principal es potenciar y estimular dicha herramienta en base a la investigaci\u00f3n acad\u00e9mica al interno de\u00a0la instituci\u00f3n, y la implementaci\u00f3n de acciones capaces de acercar a toda la sociedad a la experiencia\u00a0estudiantil, generando as\u00ed conciencia acerca de la virtudes y potencialidades acad\u00e9micas que el viaje\u00a0genera.<br \/>\nLa instrumentaci\u00f3n de todas las acciones ser\u00e1 producto de un trabajo conjunto entre el\u00a0colectivo docente proponente, docentes invitados de diversos \u00e1mbitos del contexto universitario, y\u00a0estudiantes involucrados en el viaje, en cualquiera de sus etapas.<br \/>\n[\/et_pb_text][\/et_pb_column][et_pb_column type=&#8221;1_3&#8243;][et_pb_image _builder_version=&#8221;3.0.71&#8243; src=&#8221;http:\/\/www.plexo.edu.uy\/wp-content\/uploads\/2017\/09\/EFI-Plexo.jpg&#8221; show_in_lightbox=&#8221;off&#8221; url_new_window=&#8221;on&#8221; use_overlay=&#8221;off&#8221; sticky=&#8221;off&#8221; align=&#8221;left&#8221; always_center_on_mobile=&#8221;on&#8221; border_style=&#8221;solid&#8221; force_fullwidth=&#8221;off&#8221; animation=&#8221;off&#8221; url=&#8221;http:\/\/www.fadu.edu.uy\/investigacion\/yo-soy-efi\/&#8221; \/][\/et_pb_column][\/et_pb_row][\/et_pb_section][et_pb_section bb_built=&#8221;1&#8243; fullwidth=&#8221;off&#8221; specialty=&#8221;off&#8221; _builder_version=&#8221;3.0.71&#8243; background_color=&#8221;rgba(177,191,198,0.74)&#8221;][et_pb_row][et_pb_column type=&#8221;4_4&#8243;][et_pb_text _builder_version=&#8221;3.0.71&#8243; background_layout=&#8221;light&#8221; text_orientation=&#8221;left&#8221; border_style=&#8221;solid&#8221;]<\/p>\n<p style=\"text-align: left;\"><strong>Producci\u00f3n documental\/audiovisual del Espacio de Formaci\u00f3n Integral (EFI) Plexo<\/strong><\/p>\n<hr \/>\n<p>[\/et_pb_text][\/et_pb_column][\/et_pb_row][et_pb_row][et_pb_column type=&#8221;1_2&#8243;][et_pb_text _builder_version=&#8221;3.0.71&#8243; background_layout=&#8221;light&#8221; text_orientation=&#8221;left&#8221; border_style=&#8221;solid&#8221;]<br \/>\nRealizaci\u00f3n del documental &#8220;Plexo &#8211; Una traves\u00eda multisensorial&#8221;.\u00a0Este proyecto se centra en la difusi\u00f3n del Viaje de Arquitectura como experiencia integral, abarcando la dimensi\u00f3n humana y acad\u00e9mica, desde una perspectiva amplia.<br \/>\nResume, a trav\u00e9s de diversos contenidos audiovisuales captados durante el viaje del a\u00f1o 2015, las experiencias de m\u00e1s de una veintena de estudiantes, acerca de lo que el viaje representa a nivel formativo y humano.<br \/>\nEl producto final es un mediometraje documental de 85 minutos que moldean una mirada exploratoria y endocultural. Si bien esta construcci\u00f3n discursiva se centra en un viaje particular, es extrapolable a todos los viajes de arquitectura, y funge como testimonio actual de una experiencia vital \u00fanica en el mundo entero.<br \/>\n<strong><em>(Ver Trailer)<\/em><\/strong><br \/>\n[\/et_pb_text][\/et_pb_column][et_pb_column type=&#8221;1_2&#8243;][et_pb_video _builder_version=&#8221;3.0.71&#8243; src=&#8221;https:\/\/vimeo.com\/189194859&#8243; \/][\/et_pb_column][\/et_pb_row][\/et_pb_section][et_pb_section bb_built=&#8221;1&#8243; fullwidth=&#8221;off&#8221; specialty=&#8221;off&#8221;][et_pb_row][et_pb_column type=&#8221;4_4&#8243;][et_pb_text _builder_version=&#8221;3.0.71&#8243; background_layout=&#8221;light&#8221; text_orientation=&#8221;left&#8221; border_style=&#8221;solid&#8221;]<\/p>\n<p style=\"text-align: left;\"><strong>Producci\u00f3n bibliogr\u00e1fica del Espacio de Formaci\u00f3n Integral (EFI) Plexo<\/strong><\/p>\n<hr \/>\n<p>[\/et_pb_text][\/et_pb_column][\/et_pb_row][et_pb_row][et_pb_column type=&#8221;2_3&#8243;][et_pb_image _builder_version=&#8221;3.0.71&#8243; src=&#8221;http:\/\/www.plexo.edu.uy\/wp-content\/uploads\/2017\/09\/Libros-PLEXO.jpg&#8221; show_in_lightbox=&#8221;off&#8221; url_new_window=&#8221;off&#8221; use_overlay=&#8221;off&#8221; sticky=&#8221;off&#8221; align=&#8221;left&#8221; always_center_on_mobile=&#8221;on&#8221; border_style=&#8221;solid&#8221; force_fullwidth=&#8221;off&#8221; animation=&#8221;off&#8221; \/][\/et_pb_column][et_pb_column type=&#8221;1_3&#8243;][et_pb_text _builder_version=&#8221;3.0.71&#8243; background_layout=&#8221;light&#8221; text_orientation=&#8221;left&#8221; border_style=&#8221;solid&#8221;]<br \/>\nLas publicaciones &#8220;Viaje 2.0. Primera curricularizaci\u00f3n del Viaje de Arquitectura&#8221; (2011), &#8220;Moleskine\/1 &#8211; Metalecturas de Viaje&#8221; (2015), y &#8220;Moleskine\/2 &#8211; Unplugged&#8221; (2016), conforman el haber bibliogr\u00e1fico producido al interno del EFI, con las generaciones 2004 y 2008.<br \/>\nEstos vol\u00famenes, editados y compilados con especial \u00e9nfasis en la producci\u00f3n estudiantil y el aporte docente, conforman un testimonio veraz del valor del Viaje de Arquitectura, legado a la comunidad universitaria<br \/>\n[\/et_pb_text][\/et_pb_column][\/et_pb_row][\/et_pb_section][et_pb_section bb_built=&#8221;1&#8243; fullwidth=&#8221;off&#8221; specialty=&#8221;off&#8221; _builder_version=&#8221;3.0.71&#8243; background_color=&#8221;rgba(177,191,198,0.74)&#8221;][et_pb_row][et_pb_column type=&#8221;4_4&#8243;][et_pb_text _builder_version=&#8221;3.0.71&#8243; background_layout=&#8221;light&#8221; text_orientation=&#8221;left&#8221; border_style=&#8221;solid&#8221;]<\/p>\n<p style=\"text-align: left;\"><strong>Actividades de Extensi\u00f3n del Espacio de Formaci\u00f3n Integral (EFI) Plexo<\/strong><\/p>\n<hr \/>\n<p>[\/et_pb_text][\/et_pb_column][\/et_pb_row][et_pb_row][et_pb_column type=&#8221;1_2&#8243;][et_pb_text _builder_version=&#8221;3.0.71&#8243; background_layout=&#8221;light&#8221; text_orientation=&#8221;left&#8221; border_style=&#8221;solid&#8221;]<br \/>\nComo parte de las actividades de Extensi\u00f3n universitaria, el EFI PLEXO ha llevado adelante, junto a grupos de estudiantes, actividades de exposici\u00f3n fotogr\u00e1fica.<br \/>\nEntre ellas destacan, la exposici\u00f3n &#8220;Rivera por el mundo&#8221;, en el Centro Universitario de Rivera (2012), y la muestra &#8220;Adhuc Stantes (todav\u00eda en pie)&#8221;, en el Instituto Italiano de Cultura (2017).<br \/>\nOtras actividades previstas contemplan la proyecci\u00f3n itinerante del audiovisual documental &#8220;Plexo &#8211; Una traves\u00eda multisensorial&#8221;, en distintas facultades y centros universitarios del interior del pa\u00eds.<br \/>\n[\/et_pb_text][\/et_pb_column][et_pb_column type=&#8221;1_2&#8243;][et_pb_image _builder_version=&#8221;3.0.71&#8243; src=&#8221;http:\/\/www.plexo.edu.uy\/wp-content\/uploads\/2017\/09\/extensi\u00f3n.jpg&#8221; show_in_lightbox=&#8221;off&#8221; url_new_window=&#8221;off&#8221; use_overlay=&#8221;off&#8221; sticky=&#8221;off&#8221; align=&#8221;left&#8221; always_center_on_mobile=&#8221;on&#8221; border_style=&#8221;solid&#8221; force_fullwidth=&#8221;off&#8221; animation=&#8221;off&#8221; \/][\/et_pb_column][\/et_pb_row][\/et_pb_section][et_pb_section bb_built=&#8221;1&#8243; fullwidth=&#8221;off&#8221; specialty=&#8221;off&#8221;][et_pb_row][et_pb_column type=&#8221;4_4&#8243;][et_pb_text _builder_version=&#8221;3.0.71&#8243; background_layout=&#8221;light&#8221; text_orientation=&#8221;left&#8221; border_style=&#8221;solid&#8221;]<\/p>\n<p style=\"text-align: left;\"><strong>Proyectos actualmente en desarrollo del Espacio de Formaci\u00f3n Integral (EFI) Plexo<\/strong><\/p>\n<hr \/>\n<p>[\/et_pb_text][\/et_pb_column][\/et_pb_row][et_pb_row][et_pb_column type=&#8221;1_2&#8243;][et_pb_image _builder_version=&#8221;3.0.71&#8243; src=&#8221;http:\/\/www.plexo.edu.uy\/wp-content\/uploads\/2017\/09\/Wikiplexo-1.jpg&#8221; show_in_lightbox=&#8221;off&#8221; url_new_window=&#8221;off&#8221; use_overlay=&#8221;off&#8221; sticky=&#8221;off&#8221; align=&#8221;left&#8221; always_center_on_mobile=&#8221;on&#8221; border_style=&#8221;solid&#8221; force_fullwidth=&#8221;off&#8221; animation=&#8221;off&#8221; \/][\/et_pb_column][et_pb_column type=&#8221;1_2&#8243;][et_pb_text _builder_version=&#8221;3.0.71&#8243; background_layout=&#8221;light&#8221; text_orientation=&#8221;left&#8221; border_style=&#8221;solid&#8221;]<br \/>\nEntre los proyectos en el horizonte de desarrollo del Espacio de Formaci\u00f3n Integral (EFI) PLEXO, se encuentra WikiPlexo.<br \/>\nSe trata de un proyecto colaborativo de construcci\u00f3n de conocimiento surgido del viaje, desde los estudiantes y para los estudiantes, con el marco de an\u00e1lisis complementario que aporta la labor docente antes, durante y despu\u00e9s del mismo,<br \/>\nWikiPlexo ser\u00e1 un proyecto de inter\u00e9s general, no solo para los estudiantes en viaje o pr\u00f3ximos a viajar, sino para la delimitaci\u00f3n te\u00f3rica del marco de acci\u00f3n del viaje y sus implicancias en la construcci\u00f3n del conocimiento disciplinar.<br \/>\n[\/et_pb_text][\/et_pb_column][\/et_pb_row][\/et_pb_section][et_pb_section bb_built=&#8221;1&#8243; fullwidth=&#8221;off&#8221; specialty=&#8221;off&#8221; _builder_version=&#8221;3.0.71&#8243; background_color=&#8221;rgba(177,191,198,0.74)&#8221;][et_pb_row][et_pb_column type=&#8221;4_4&#8243;][et_pb_text _builder_version=&#8221;3.0.71&#8243; background_layout=&#8221;light&#8221; text_orientation=&#8221;left&#8221; border_style=&#8221;solid&#8221;]<\/p>\n<p style=\"text-align: left;\"><strong>Integrantes del Espacio de Formaci\u00f3n Integral (EFI) Plexo<\/strong><\/p>\n<hr \/>\n<p>[\/et_pb_text][\/et_pb_column][\/et_pb_row][et_pb_row][et_pb_column type=&#8221;1_8&#8243;][et_pb_text _builder_version=&#8221;3.0.71&#8243; background_layout=&#8221;light&#8221; text_orientation=&#8221;left&#8221; border_style=&#8221;solid&#8221;]<br \/>\n<img loading=\"lazy\" class=\"alignnone size-medium wp-image-141 aligncenter\" src=\"http:\/\/www.plexo.edu.uy\/wp-content\/uploads\/2017\/09\/Mg_Arq_Fernando_Garcia_Amen-201x300.jpg\" alt=\"\" width=\"201\" height=\"300\" \/><\/p>\n<p style=\"text-align: center;\"><strong>Fernando Garc\u00eda Amen<\/strong><\/p>\n<p>[\/et_pb_text][\/et_pb_column][et_pb_column type=&#8221;1_8&#8243;][et_pb_text _builder_version=&#8221;3.0.71&#8243; background_layout=&#8221;light&#8221; text_orientation=&#8221;left&#8221; border_style=&#8221;solid&#8221;]<br \/>\n<img loading=\"lazy\" class=\"alignnone size-medium wp-image-184 aligncenter\" src=\"http:\/\/www.plexo.edu.uy\/wp-content\/uploads\/2017\/09\/Arq_Jimena_Abraham-201x300.jpg\" alt=\"\" width=\"201\" height=\"300\" \/><\/p>\n<p style=\"text-align: center;\"><strong>Jimena Abraham<\/strong><\/p>\n<p>[\/et_pb_text][\/et_pb_column][et_pb_column type=&#8221;1_8&#8243;][et_pb_text _builder_version=&#8221;3.0.71&#8243; background_layout=&#8221;light&#8221; text_orientation=&#8221;left&#8221; border_style=&#8221;solid&#8221;]<br \/>\n<img loading=\"lazy\" class=\"aligncenter wp-image-201 size-medium\" src=\"http:\/\/www.plexo.edu.uy\/wp-content\/uploads\/2017\/09\/Mg_Arq_Roberto_Langwagen-201x300.jpg\" alt=\"\" width=\"201\" height=\"300\" \/><\/p>\n<p style=\"text-align: center;\"><strong>Roberto Langwagen<\/strong><\/p>\n<p>[\/et_pb_text][\/et_pb_column][et_pb_column type=&#8221;1_8&#8243;][et_pb_text _builder_version=&#8221;3.0.71&#8243; background_layout=&#8221;light&#8221; text_orientation=&#8221;left&#8221; border_style=&#8221;solid&#8221;]<br \/>\n<img loading=\"lazy\" class=\"alignnone size-medium wp-image-180 aligncenter\" src=\"http:\/\/www.plexo.edu.uy\/wp-content\/uploads\/2017\/09\/Arq_Pablo_Canen-201x300.jpg\" alt=\"\" width=\"201\" height=\"300\" \/><\/p>\n<p style=\"text-align: center;\"><strong>Pablo Can\u00e9n<\/strong><\/p>\n<p>[\/et_pb_text][\/et_pb_column][et_pb_column type=&#8221;1_8&#8243;][et_pb_text _builder_version=&#8221;3.0.71&#8243; background_layout=&#8221;light&#8221; text_orientation=&#8221;left&#8221; border_style=&#8221;solid&#8221;]<br \/>\n<img loading=\"lazy\" class=\"alignnone size-medium wp-image-160 aligncenter\" src=\"http:\/\/www.plexo.edu.uy\/wp-content\/uploads\/2017\/09\/Arq_Gabriela_Barber-201x300.jpg\" alt=\"\" width=\"201\" height=\"300\" \/><\/p>\n<p style=\"text-align: center;\"><strong>Gabriela Barber<\/strong><\/p>\n<p>[\/et_pb_text][\/et_pb_column][et_pb_column type=&#8221;1_8&#8243;][et_pb_text _builder_version=&#8221;3.0.71&#8243; background_layout=&#8221;light&#8221; text_orientation=&#8221;left&#8221; border_style=&#8221;solid&#8221;]<br \/>\n<img loading=\"lazy\" class=\"alignnone size-medium wp-image-199 aligncenter\" src=\"http:\/\/www.plexo.edu.uy\/wp-content\/uploads\/2017\/09\/Arq_Laura_Vizconde-201x300.jpg\" alt=\"\" width=\"201\" height=\"300\" \/><\/p>\n<p style=\"text-align: center;\"><strong>Laura Vizconde<\/strong><\/p>\n<p>[\/et_pb_text][\/et_pb_column][et_pb_column type=&#8221;1_8&#8243;][et_pb_text _builder_version=&#8221;3.0.71&#8243; background_layout=&#8221;light&#8221; text_orientation=&#8221;left&#8221; border_style=&#8221;solid&#8221;]<br \/>\n<img loading=\"lazy\" class=\"alignnone size-medium wp-image-189 aligncenter\" src=\"http:\/\/www.plexo.edu.uy\/wp-content\/uploads\/2017\/09\/Serrana_Robledo-201x300.jpg\" alt=\"\" width=\"201\" height=\"300\" \/><\/p>\n<p style=\"text-align: center;\"><strong>Serrana Robledo<\/strong><\/p>\n<p>[\/et_pb_text][\/et_pb_column][et_pb_column type=&#8221;1_8&#8243;][et_pb_text _builder_version=&#8221;3.0.71&#8243; background_layout=&#8221;light&#8221; text_orientation=&#8221;left&#8221; border_style=&#8221;solid&#8221;]<br \/>\n<img loading=\"lazy\" class=\"alignnone size-medium wp-image-197 aligncenter\" src=\"http:\/\/www.plexo.edu.uy\/wp-content\/uploads\/2017\/09\/Arq_Marcelo_Paysse-201x300.jpg\" alt=\"\" width=\"201\" height=\"300\" \/><\/p>\n<p style=\"text-align: center;\"><strong>Marcelo Payss\u00e9<\/strong><\/p>\n<p>[\/et_pb_text][\/et_pb_column][\/et_pb_row][et_pb_row][et_pb_column type=&#8221;1_8&#8243;][et_pb_text _builder_version=&#8221;3.0.71&#8243; background_layout=&#8221;light&#8221; text_orientation=&#8221;left&#8221; border_style=&#8221;solid&#8221;]<br \/>\n<img loading=\"lazy\" class=\"alignnone size-medium wp-image-202 aligncenter\" src=\"http:\/\/www.plexo.edu.uy\/wp-content\/uploads\/2017\/09\/Arq_Juan_Portillo-201x300.jpg\" alt=\"\" width=\"201\" height=\"300\" \/><\/p>\n<p style=\"text-align: center;\"><strong>Juan P. Portillo<\/strong><\/p>\n<p>[\/et_pb_text][\/et_pb_column][et_pb_column type=&#8221;1_8&#8243;][et_pb_text _builder_version=&#8221;3.0.71&#8243; background_layout=&#8221;light&#8221; text_orientation=&#8221;left&#8221; border_style=&#8221;solid&#8221;]<br \/>\n<img loading=\"lazy\" class=\"alignnone size-medium wp-image-134 aligncenter\" src=\"http:\/\/www.plexo.edu.uy\/wp-content\/uploads\/2017\/09\/Arq_Angel_Armagno-201x300.jpg\" alt=\"\" width=\"201\" height=\"300\" \/><\/p>\n<p style=\"text-align: center;\"><strong>Angel Armagno<\/strong><\/p>\n<p>[\/et_pb_text][\/et_pb_column][et_pb_column type=&#8221;1_8&#8243;][et_pb_text _builder_version=&#8221;3.0.71&#8243; background_layout=&#8221;light&#8221; text_orientation=&#8221;left&#8221; border_style=&#8221;solid&#8221;]<br \/>\n<img loading=\"lazy\" class=\"alignnone size-medium wp-image-328 aligncenter\" src=\"http:\/\/www.plexo.edu.uy\/wp-content\/uploads\/2017\/09\/6.AlejandroFolga-201x300.jpg\" alt=\"\" width=\"201\" height=\"300\" \/><\/p>\n<p style=\"text-align: center;\"><strong>Alejandro Folga<\/strong><\/p>\n<p>[\/et_pb_text][\/et_pb_column][et_pb_column type=&#8221;1_8&#8243;][et_pb_text _builder_version=&#8221;3.0.71&#8243; background_layout=&#8221;light&#8221; text_orientation=&#8221;left&#8221; border_style=&#8221;solid&#8221;]<br \/>\n<img loading=\"lazy\" class=\"alignnone size-medium wp-image-330 aligncenter\" src=\"http:\/\/www.plexo.edu.uy\/wp-content\/uploads\/2017\/09\/Arias-201x300.jpg\" alt=\"\" width=\"201\" height=\"300\" \/><\/p>\n<p style=\"text-align: center;\"><strong>Daniela Arias<\/strong><\/p>\n<p>[\/et_pb_text][\/et_pb_column][et_pb_column type=&#8221;1_8&#8243;][et_pb_text _builder_version=&#8221;3.0.71&#8243; background_layout=&#8221;light&#8221; text_orientation=&#8221;left&#8221; border_style=&#8221;solid&#8221;]<br \/>\n<img loading=\"lazy\" class=\"alignnone size-medium wp-image-182 aligncenter\" src=\"http:\/\/www.plexo.edu.uy\/wp-content\/uploads\/2017\/09\/Alberto_De_Austria-201x300.jpg\" alt=\"\" width=\"201\" height=\"300\" \/><\/p>\n<p style=\"text-align: center;\"><strong>Alberto De Austria<\/strong><\/p>\n<p>[\/et_pb_text][\/et_pb_column][et_pb_column type=&#8221;1_8&#8243;][et_pb_text _builder_version=&#8221;3.0.71&#8243; background_layout=&#8221;light&#8221; text_orientation=&#8221;left&#8221; border_style=&#8221;solid&#8221;]<br \/>\n<img loading=\"lazy\" class=\"alignnone size-medium wp-image-332 aligncenter\" src=\"http:\/\/www.plexo.edu.uy\/wp-content\/uploads\/2017\/09\/Marcos_Lafluf_Cuevas-1-201x300.jpg\" alt=\"\" width=\"201\" height=\"300\" \/><\/p>\n<p style=\"text-align: center;\"><strong>Marcos Lafluf<\/strong><\/p>\n<p>[\/et_pb_text][\/et_pb_column][et_pb_column type=&#8221;1_8&#8243;][et_pb_text _builder_version=&#8221;3.0.71&#8243; background_layout=&#8221;light&#8221; text_orientation=&#8221;left&#8221; border_style=&#8221;solid&#8221;]<br \/>\n<img loading=\"lazy\" class=\"alignnone size-medium wp-image-123 aligncenter\" src=\"http:\/\/www.plexo.edu.uy\/wp-content\/uploads\/2017\/09\/Arq_Raul_Buz\u00f3-2-203x300.jpg\" alt=\"\" width=\"203\" height=\"300\" \/><\/p>\n<p style=\"text-align: center;\"><strong>Ra\u00fal Buz\u00f3<\/strong><\/p>\n<p>[\/et_pb_text][\/et_pb_column][et_pb_column type=&#8221;1_8&#8243;][et_pb_text _builder_version=&#8221;3.0.71&#8243; background_layout=&#8221;light&#8221; text_orientation=&#8221;left&#8221; border_style=&#8221;solid&#8221;]<br \/>\n<img loading=\"lazy\" class=\"alignnone size-medium wp-image-321 aligncenter\" src=\"http:\/\/www.plexo.edu.uy\/wp-content\/uploads\/2017\/09\/LF-201x300.jpg\" alt=\"\" width=\"201\" height=\"300\" \/><\/p>\n<p style=\"text-align: center;\"><strong>Luis Flores<\/strong><\/p>\n<p>[\/et_pb_text][\/et_pb_column][\/et_pb_row][\/et_pb_section]<\/p>\n","protected":false},"excerpt":{"rendered":"<p><div class=\"et_pb_row et_pb_row_0 et_pb_row_empty\">\n\t\t\t\t\n\t\t\t\t\n\t\t\t\t\n\t\t\t\t\n\t\t\t\t\n\t\t\t<\/div> Roles y cometidos del Espacio de Formaci\u00f3n Integral (EFI) Plexo <div class=\"et_pb_row et_pb_row_1 et_pb_row_empty\">\n\t\t\t\t\n\t\t\t\t\n\t\t\t\t\n\t\t\t\t\n\t\t\t\t\n\t\t\t<\/div> El espacio de formaci\u00f3n integral (EFI) PLEXO busca\u00a0posicionarse como un do\/think tank de actividades referentes al Viaje de Arquitectura, que surge de la experiencia &#8220;Plexo &#8211; Una traves\u00eda multisensorial&#8221;, del a\u00f1o 2015. Se postula como\u00a0un colectivo din\u00e1mico, con la intenci\u00f3n de sumar conocimientos [&hellip;]<\/p>\n","protected":false},"author":1,"featured_media":337,"parent":79,"menu_order":0,"comment_status":"closed","ping_status":"closed","template":"","meta":{"_et_pb_use_builder":"on","_et_pb_old_content":"","_et_gb_content_width":""},"_links":{"self":[{"href":"https:\/\/viaje18.plexo.edu.uy\/index.php\/wp-json\/wp\/v2\/pages\/242"}],"collection":[{"href":"https:\/\/viaje18.plexo.edu.uy\/index.php\/wp-json\/wp\/v2\/pages"}],"about":[{"href":"https:\/\/viaje18.plexo.edu.uy\/index.php\/wp-json\/wp\/v2\/types\/page"}],"author":[{"embeddable":true,"href":"https:\/\/viaje18.plexo.edu.uy\/index.php\/wp-json\/wp\/v2\/users\/1"}],"replies":[{"embeddable":true,"href":"https:\/\/viaje18.plexo.edu.uy\/index.php\/wp-json\/wp\/v2\/comments?post=242"}],"version-history":[{"count":0,"href":"https:\/\/viaje18.plexo.edu.uy\/index.php\/wp-json\/wp\/v2\/pages\/242\/revisions"}],"up":[{"embeddable":true,"href":"https:\/\/viaje18.plexo.edu.uy\/index.php\/wp-json\/wp\/v2\/pages\/79"}],"wp:featuredmedia":[{"embeddable":true,"href":"https:\/\/viaje18.plexo.edu.uy\/index.php\/wp-json\/"}],"wp:attachment":[{"href":"https:\/\/viaje18.plexo.edu.uy\/index.php\/wp-json\/wp\/v2\/media?parent=242"}],"curies":[{"name":"wp","href":"https:\/\/api.w.org\/{rel}","templated":true}]}}