{"id":3013,"date":"2017-11-17T18:27:02","date_gmt":"2017-11-17T18:27:02","guid":{"rendered":"http:\/\/www.plexo.edu.uy\/?page_id=3013"},"modified":"2017-11-17T18:27:02","modified_gmt":"2017-11-17T18:27:02","slug":"lecturas-bloque-4","status":"publish","type":"page","link":"https:\/\/viaje18.plexo.edu.uy\/index.php\/lecturas-bloque-4\/","title":{"rendered":"Lecturas Bloque 4"},"content":{"rendered":"<p>[et_pb_section bb_built=&#8221;1&#8243; _builder_version=&#8221;3.0.47&#8243; custom_padding=&#8221;0px|0px|0px|0px&#8221; next_background_color=&#8221;#000000&#8243;][et_pb_row custom_padding=&#8221;19px|0px|0px|0px&#8221; _builder_version=&#8221;3.0.47&#8243; background_size=&#8221;initial&#8221; background_position=&#8221;top_left&#8221; background_repeat=&#8221;repeat&#8221;][et_pb_column type=&#8221;4_4&#8243;][et_pb_text _builder_version=&#8221;3.0.86&#8243; module_alignment=&#8221;left&#8221;]<\/p>\n<h3>EUROPA CENTRAL<\/h3>\n<p>[\/et_pb_text][\/et_pb_column][\/et_pb_row][et_pb_row custom_padding=&#8221;27px|0px|0px|0px&#8221; _builder_version=&#8221;3.0.47&#8243; background_size=&#8221;initial&#8221; background_position=&#8221;top_left&#8221; background_repeat=&#8221;repeat&#8221;][et_pb_column type=&#8221;1_6&#8243;][et_pb_image src=&#8221;http:\/\/www.plexo.edu.uy\/wp-content\/uploads\/2017\/11\/106.\u00a1Tierra-tierra.jpg&#8221; url=&#8221;http:\/\/www.plexo.edu.uy\/wp-content\/uploads\/2018\/08\/106.\u00a1Tierra-tierra-Sandor-Marai.epub&#8221; url_new_window=&#8221;on&#8221; _builder_version=&#8221;3.2&#8243;]<br \/>\n&nbsp;<br \/>\n[\/et_pb_image][et_pb_text _builder_version=&#8221;3.0.86&#8243;]<br \/>\n<strong>\u00a1TIERRA, TIERRA!<\/strong><br \/>\nS\u00e1ndor M\u00e1rai<br \/>\n[\/et_pb_text][\/et_pb_column][et_pb_column type=&#8221;1_6&#8243;][et_pb_image src=&#8221;http:\/\/www.plexo.edu.uy\/wp-content\/uploads\/2017\/11\/107.El-cementerio-de-Praga.jpg&#8221; url=&#8221;http:\/\/www.plexo.edu.uy\/wp-content\/uploads\/2018\/08\/107.El-cementerio-de-Praga-Umberto-Eco.epub&#8221; url_new_window=&#8221;on&#8221; _builder_version=&#8221;3.2&#8243;]<br \/>\n&nbsp;<br \/>\n[\/et_pb_image][et_pb_text _builder_version=&#8221;3.0.86&#8243;]<br \/>\n<strong>EL CEMENTERIO DE PRAGA<\/strong><br \/>\nUmberto Eco<br \/>\n[\/et_pb_text][\/et_pb_column][et_pb_column type=&#8221;1_6&#8243;][et_pb_image src=&#8221;http:\/\/www.plexo.edu.uy\/wp-content\/uploads\/2017\/11\/108.El-corazon-de-las-tinieblas.jpg&#8221; url=&#8221;http:\/\/www.plexo.edu.uy\/wp-content\/uploads\/2018\/08\/108.El-corazon-de-las-tinieblas-Joseph-Conrad.epub&#8221; url_new_window=&#8221;on&#8221; _builder_version=&#8221;3.2&#8243;]<br \/>\n&nbsp;<br \/>\n[\/et_pb_image][et_pb_text _builder_version=&#8221;3.0.86&#8243;]<br \/>\n<strong>EL CORAZ\u00d3N DE LAS TINIEBLAS<\/strong><br \/>\nJoseph Conrad<br \/>\n[\/et_pb_text][\/et_pb_column][et_pb_column type=&#8221;1_6&#8243;][et_pb_image src=&#8221;http:\/\/www.plexo.edu.uy\/wp-content\/uploads\/2017\/11\/109.El-pianista-del-gueto-de-Varsovia.jpg&#8221; url=&#8221;http:\/\/www.plexo.edu.uy\/wp-content\/uploads\/2018\/08\/109.El-pianista-del-gueto-de-Varsovia-Wladyslaw-Szpilman.epub&#8221; url_new_window=&#8221;on&#8221; _builder_version=&#8221;3.2&#8243;]<br \/>\n&nbsp;<br \/>\n[\/et_pb_image][et_pb_text _builder_version=&#8221;3.0.86&#8243;]<br \/>\n<strong>EL PIANISTA DEL GUETO DE VARSOVIA<\/strong><br \/>\nWladyslaw Szpilman<br \/>\n[\/et_pb_text][\/et_pb_column][et_pb_column type=&#8221;1_6&#8243;][et_pb_image src=&#8221;http:\/\/www.plexo.edu.uy\/wp-content\/uploads\/2017\/11\/110.El-ultimo-encuentro.jpg&#8221; url=&#8221;http:\/\/www.plexo.edu.uy\/wp-content\/uploads\/2018\/08\/110.El-ultimo-encuentro-Sandor-Marai.epub&#8221; url_new_window=&#8221;on&#8221; _builder_version=&#8221;3.2&#8243;]<br \/>\n&nbsp;<br \/>\n[\/et_pb_image][et_pb_text _builder_version=&#8221;3.0.86&#8243;]<br \/>\n<strong>EL \u00daLTIMO ENCUENTRO<\/strong><br \/>\nS\u00e1ndor M\u00e1rai<br \/>\n[\/et_pb_text][\/et_pb_column][et_pb_column type=&#8221;1_6&#8243;][et_pb_image src=&#8221;http:\/\/www.plexo.edu.uy\/wp-content\/uploads\/2017\/11\/111.La-condena.jpg&#8221; url=&#8221;http:\/\/www.plexo.edu.uy\/wp-content\/uploads\/2018\/08\/111.La-condena-Franz-Kafka.epub&#8221; url_new_window=&#8221;on&#8221; _builder_version=&#8221;3.2&#8243;]<br \/>\n&nbsp;<br \/>\n[\/et_pb_image][et_pb_text _builder_version=&#8221;3.0.86&#8243;]<br \/>\n<strong>LA CONDENA<\/strong><br \/>\nFranz Kafka<br \/>\n[\/et_pb_text][\/et_pb_column][\/et_pb_row][et_pb_row custom_padding=&#8221;27px|0px|27px|0px&#8221; _builder_version=&#8221;3.0.47&#8243; background_size=&#8221;initial&#8221; background_position=&#8221;top_left&#8221; background_repeat=&#8221;repeat&#8221;][et_pb_column type=&#8221;1_6&#8243;][et_pb_image src=&#8221;http:\/\/www.plexo.edu.uy\/wp-content\/uploads\/2017\/11\/112.La-fiesta-de-la-insignificancia.jpg&#8221; url=&#8221;http:\/\/www.plexo.edu.uy\/wp-content\/uploads\/2018\/08\/112.La-fiesta-de-la-insignificancia-Milan-Kundera.epub&#8221; url_new_window=&#8221;on&#8221; _builder_version=&#8221;3.2&#8243;]<br \/>\n&nbsp;<br \/>\n[\/et_pb_image][et_pb_text _builder_version=&#8221;3.0.86&#8243;]<br \/>\n<strong>LA FIESTA DE LA INSIGNIFICANCIA<\/strong><br \/>\nMilan Kundera<br \/>\n[\/et_pb_text][\/et_pb_column][et_pb_column type=&#8221;1_6&#8243;][et_pb_image src=&#8221;http:\/\/www.plexo.edu.uy\/wp-content\/uploads\/2017\/11\/113.La-lentitud.jpg&#8221; url=&#8221;http:\/\/www.plexo.edu.uy\/wp-content\/uploads\/2018\/08\/113.La-lentitud-Milan-Kundera.epub&#8221; url_new_window=&#8221;on&#8221; _builder_version=&#8221;3.2&#8243;]<br \/>\n&nbsp;<br \/>\n[\/et_pb_image][et_pb_text _builder_version=&#8221;3.0.86&#8243;]<br \/>\n<strong>LA LENTITUD<\/strong><br \/>\nMilan Kundera<br \/>\n[\/et_pb_text][\/et_pb_column][et_pb_column type=&#8221;1_6&#8243;][\/et_pb_column][et_pb_column type=&#8221;1_6&#8243;][\/et_pb_column][et_pb_column type=&#8221;1_6&#8243;][\/et_pb_column][et_pb_column type=&#8221;1_6&#8243;][\/et_pb_column][\/et_pb_row][\/et_pb_section][et_pb_section bb_built=&#8221;1&#8243; _builder_version=&#8221;3.0.47&#8243; custom_padding=&#8221;0px|0px|0px|0px&#8221; prev_background_color=&#8221;#000000&#8243; next_background_color=&#8221;#000000&#8243;][et_pb_row custom_padding=&#8221;0px|0px|0px|0px&#8221; _builder_version=&#8221;3.0.47&#8243; background_size=&#8221;initial&#8221; background_position=&#8221;top_left&#8221; background_repeat=&#8221;repeat&#8221;][et_pb_column type=&#8221;4_4&#8243;][et_pb_divider color=&#8221;#898989&#8243; show_divider=&#8221;on&#8221; _builder_version=&#8221;3.0.86&#8243;]<br \/>\n&nbsp;<br \/>\n[\/et_pb_divider][\/et_pb_column][\/et_pb_row][et_pb_row custom_padding=&#8221;12px|0px|0px|0px&#8221; _builder_version=&#8221;3.0.47&#8243; background_size=&#8221;initial&#8221; background_position=&#8221;top_left&#8221; background_repeat=&#8221;repeat&#8221;][et_pb_column type=&#8221;4_4&#8243;][et_pb_text _builder_version=&#8221;3.0.86&#8243; module_alignment=&#8221;left&#8221;]<\/p>\n<h3>ALEMANIA<\/h3>\n<p>[\/et_pb_text][\/et_pb_column][\/et_pb_row][et_pb_row custom_padding=&#8221;27px|0px|0px|0px&#8221; _builder_version=&#8221;3.0.47&#8243; background_size=&#8221;initial&#8221; background_position=&#8221;top_left&#8221; background_repeat=&#8221;repeat&#8221;][et_pb_column type=&#8221;1_6&#8243;][et_pb_image src=&#8221;http:\/\/www.plexo.edu.uy\/wp-content\/uploads\/2017\/11\/114.Doktor-Faustus.jpg&#8221; url=&#8221;http:\/\/www.plexo.edu.uy\/wp-content\/uploads\/2018\/08\/114.Doktor-Faustus-Thomas-Mann.epub&#8221; url_new_window=&#8221;on&#8221; _builder_version=&#8221;3.2&#8243;]<br \/>\n&nbsp;<br \/>\n[\/et_pb_image][et_pb_text _builder_version=&#8221;3.0.86&#8243;]<br \/>\n<strong>DOKTOR FAUSTUS<\/strong><br \/>\nThomas Mann<br \/>\n[\/et_pb_text][\/et_pb_column][et_pb_column type=&#8221;1_6&#8243;][et_pb_image src=&#8221;http:\/\/www.plexo.edu.uy\/wp-content\/uploads\/2017\/11\/115.El-tambor-de-hojalata.jpg&#8221; url=&#8221;http:\/\/www.plexo.edu.uy\/wp-content\/uploads\/2018\/08\/115.El-tambor-de-hojalata-Gunter-Grass.epub&#8221; url_new_window=&#8221;on&#8221; _builder_version=&#8221;3.2&#8243;]<br \/>\n&nbsp;<br \/>\n[\/et_pb_image][et_pb_text _builder_version=&#8221;3.0.86&#8243;]<br \/>\n<strong>EL TAMBOR DE HOJALATA<\/strong><br \/>\nG\u00fcnter Grass<br \/>\n[\/et_pb_text][\/et_pb_column][et_pb_column type=&#8221;1_6&#8243;][et_pb_image src=&#8221;http:\/\/www.plexo.edu.uy\/wp-content\/uploads\/2017\/11\/116.Goodbye-Berlin.jpg&#8221; url=&#8221;http:\/\/www.plexo.edu.uy\/wp-content\/uploads\/2018\/08\/116.Goodbye-Berlin-Wolfgang-Herrndorf.epub&#8221; url_new_window=&#8221;on&#8221; _builder_version=&#8221;3.2&#8243;]<br \/>\n&nbsp;<br \/>\n[\/et_pb_image][et_pb_text _builder_version=&#8221;3.0.86&#8243;]<br \/>\n<strong>GOODBYE BERLIN<\/strong><br \/>\nWolfgang Herrndorf<br \/>\n[\/et_pb_text][\/et_pb_column][et_pb_column type=&#8221;1_6&#8243;][et_pb_image src=&#8221;http:\/\/www.plexo.edu.uy\/wp-content\/uploads\/2017\/11\/117.Matadero-Cinco.jpg&#8221; url=&#8221;http:\/\/www.plexo.edu.uy\/wp-content\/uploads\/2018\/08\/117.Matadero-Cinco-Kurt-Vonnegut.epub&#8221; url_new_window=&#8221;on&#8221; _builder_version=&#8221;3.2&#8243;]<br \/>\n&nbsp;<br \/>\n[\/et_pb_image][et_pb_text _builder_version=&#8221;3.0.86&#8243;]<br \/>\n<strong>MATADERO CINCO<\/strong><br \/>\nKurt Vonnegut<br \/>\n[\/et_pb_text][\/et_pb_column][et_pb_column type=&#8221;1_6&#8243;][et_pb_image src=&#8221;http:\/\/www.plexo.edu.uy\/wp-content\/uploads\/2017\/11\/118.Palido-criminal.jpg&#8221; url=&#8221;http:\/\/www.plexo.edu.uy\/wp-content\/uploads\/2018\/08\/118.Palido-criminal-Philip-Kerr.epub&#8221; url_new_window=&#8221;on&#8221; _builder_version=&#8221;3.2&#8243;]<br \/>\n&nbsp;<br \/>\n[\/et_pb_image][et_pb_text _builder_version=&#8221;3.0.86&#8243;]<br \/>\n<strong>P\u00c1LIDO CRIMINAL<\/strong><br \/>\nPhilip Kerr<br \/>\n[\/et_pb_text][\/et_pb_column][et_pb_column type=&#8221;1_6&#8243;][et_pb_image src=&#8221;http:\/\/www.plexo.edu.uy\/wp-content\/uploads\/2017\/11\/119.Requiem-aleman.jpg&#8221; url=&#8221;http:\/\/www.plexo.edu.uy\/wp-content\/uploads\/2018\/08\/119.Requiem-aleman-Philip-Kerr.epub&#8221; url_new_window=&#8221;on&#8221; _builder_version=&#8221;3.2&#8243;]<br \/>\n&nbsp;<br \/>\n[\/et_pb_image][et_pb_text _builder_version=&#8221;3.0.86&#8243;]<br \/>\n<strong>R\u00c9QUIEM ALEM\u00c1N<\/strong><br \/>\nPhilip Kerr<br \/>\n[\/et_pb_text][\/et_pb_column][\/et_pb_row][et_pb_row custom_padding=&#8221;27px|0px|27px|0px&#8221; _builder_version=&#8221;3.0.47&#8243; background_size=&#8221;initial&#8221; background_position=&#8221;top_left&#8221; background_repeat=&#8221;repeat&#8221;][et_pb_column type=&#8221;1_6&#8243;][et_pb_image src=&#8221;http:\/\/www.plexo.edu.uy\/wp-content\/uploads\/2017\/11\/120.Si-los-muertos-no-resucitan.jpg&#8221; url=&#8221;http:\/\/www.plexo.edu.uy\/wp-content\/uploads\/2018\/08\/120.Si-los-muertos-no-resucitan-Philip-Kerr.epub&#8221; url_new_window=&#8221;on&#8221; _builder_version=&#8221;3.2&#8243;]<br \/>\n&nbsp;<br \/>\n[\/et_pb_image][et_pb_text _builder_version=&#8221;3.0.86&#8243;]<br \/>\n<strong>SI LOS MUERTOS NO RESUCITAN<\/strong><br \/>\nPhilip Kerr<br \/>\n[\/et_pb_text][\/et_pb_column][et_pb_column type=&#8221;1_6&#8243;][et_pb_image src=&#8221;http:\/\/www.plexo.edu.uy\/wp-content\/uploads\/2017\/11\/121.Una-llama-misteriosa.jpg&#8221; url=&#8221;http:\/\/www.plexo.edu.uy\/wp-content\/uploads\/2018\/08\/121.Una-llama-misteriosa-Philip-Kerr.epub&#8221; url_new_window=&#8221;on&#8221; _builder_version=&#8221;3.2&#8243;]<br \/>\n&nbsp;<br \/>\n[\/et_pb_image][et_pb_text _builder_version=&#8221;3.0.86&#8243;]<br \/>\n<strong>UNA LLAMA MISTERIOSA<\/strong><br \/>\nPhilip Kerr<br \/>\n[\/et_pb_text][\/et_pb_column][et_pb_column type=&#8221;1_6&#8243;][et_pb_image src=&#8221;http:\/\/www.plexo.edu.uy\/wp-content\/uploads\/2017\/11\/122.Unos-por-otros.jpg&#8221; url=&#8221;http:\/\/www.plexo.edu.uy\/wp-content\/uploads\/2018\/08\/122.Unos-por-otros-Philip-Kerr.epub&#8221; url_new_window=&#8221;on&#8221; _builder_version=&#8221;3.2&#8243;]<br \/>\n&nbsp;<br \/>\n[\/et_pb_image][et_pb_text _builder_version=&#8221;3.0.86&#8243;]<br \/>\n<strong>UNOS POR OTROS<\/strong><br \/>\nPhilip Kerr<br \/>\n[\/et_pb_text][\/et_pb_column][et_pb_column type=&#8221;1_6&#8243;][et_pb_image src=&#8221;http:\/\/www.plexo.edu.uy\/wp-content\/uploads\/2017\/11\/123.Violetas-de-marzo.jpg&#8221; url=&#8221;http:\/\/www.plexo.edu.uy\/wp-content\/uploads\/2018\/08\/123.Violetas-de-marzo-Philip-Kerr.epub&#8221; url_new_window=&#8221;on&#8221; _builder_version=&#8221;3.2&#8243;]<br \/>\n&nbsp;<br \/>\n[\/et_pb_image][et_pb_text _builder_version=&#8221;3.0.86&#8243;]<br \/>\n<strong>VIOLETAS DE MARZO<\/strong><br \/>\nPhilip Kerr<br \/>\n[\/et_pb_text][\/et_pb_column][et_pb_column type=&#8221;1_6&#8243;][et_pb_image src=&#8221;http:\/\/www.plexo.edu.uy\/wp-content\/uploads\/2017\/11\/Fausto.jpg&#8221; url=&#8221;http:\/\/www.plexo.edu.uy\/wp-content\/uploads\/2018\/08\/Fausto-Johann-Wolfgang-von-Goethe.epub&#8221; url_new_window=&#8221;on&#8221; _builder_version=&#8221;3.2&#8243;]<br \/>\n&nbsp;<br \/>\n[\/et_pb_image][et_pb_text _builder_version=&#8221;3.0.86&#8243;]<br \/>\n<strong>FAUSTO<\/strong><br \/>\nJohann Wolfgang von Goethe<br \/>\n[\/et_pb_text][\/et_pb_column][et_pb_column type=&#8221;1_6&#8243;][\/et_pb_column][\/et_pb_row][\/et_pb_section][et_pb_section bb_built=&#8221;1&#8243; _builder_version=&#8221;3.0.47&#8243; custom_padding=&#8221;0px|0px|0px|0px&#8221; prev_background_color=&#8221;#000000&#8243; next_background_color=&#8221;#000000&#8243;][et_pb_row custom_padding=&#8221;0px|0px|0px|0px&#8221; _builder_version=&#8221;3.0.47&#8243; background_size=&#8221;initial&#8221; background_position=&#8221;top_left&#8221; background_repeat=&#8221;repeat&#8221;][et_pb_column type=&#8221;4_4&#8243;][et_pb_divider color=&#8221;#898989&#8243; show_divider=&#8221;on&#8221; _builder_version=&#8221;3.0.86&#8243;]<br \/>\n&nbsp;<br \/>\n[\/et_pb_divider][\/et_pb_column][\/et_pb_row][et_pb_row custom_padding=&#8221;12px|0px|0px|0px&#8221; _builder_version=&#8221;3.0.47&#8243; background_size=&#8221;initial&#8221; background_position=&#8221;top_left&#8221; background_repeat=&#8221;repeat&#8221;][et_pb_column type=&#8221;4_4&#8243;][et_pb_text _builder_version=&#8221;3.0.86&#8243; module_alignment=&#8221;left&#8221;]<\/p>\n<h3>ITALIA &amp; BALCANES<\/h3>\n<p>[\/et_pb_text][\/et_pb_column][\/et_pb_row][et_pb_row custom_padding=&#8221;27px|0px|0px|0px&#8221; _builder_version=&#8221;3.0.47&#8243; background_size=&#8221;initial&#8221; background_position=&#8221;top_left&#8221; background_repeat=&#8221;repeat&#8221;][et_pb_column type=&#8221;1_6&#8243;][et_pb_image src=&#8221;http:\/\/www.plexo.edu.uy\/wp-content\/uploads\/2017\/11\/124.Baudolino.jpg&#8221; url=&#8221;http:\/\/www.plexo.edu.uy\/wp-content\/uploads\/2018\/08\/124.Baudolino-Umberto-Eco.epub&#8221; url_new_window=&#8221;on&#8221; _builder_version=&#8221;3.2&#8243;]<br \/>\n&nbsp;<br \/>\n[\/et_pb_image][et_pb_text _builder_version=&#8221;3.0.86&#8243;]<br \/>\n<strong>BAUDOLINO<\/strong><br \/>\nUmberto Eco<br \/>\n[\/et_pb_text][\/et_pb_column][et_pb_column type=&#8221;1_6&#8243;][et_pb_image src=&#8221;http:\/\/www.plexo.edu.uy\/wp-content\/uploads\/2017\/11\/125.City_.jpg&#8221; url=&#8221;http:\/\/www.plexo.edu.uy\/wp-content\/uploads\/2018\/08\/125.City-Alessandro-Baricco.epub&#8221; url_new_window=&#8221;on&#8221; _builder_version=&#8221;3.2&#8243;]<br \/>\n&nbsp;<br \/>\n[\/et_pb_image][et_pb_text _builder_version=&#8221;3.0.86&#8243;]<br \/>\n<strong>CITY<\/strong><br \/>\nAlessandro Baricco<br \/>\n[\/et_pb_text][\/et_pb_column][et_pb_column type=&#8221;1_6&#8243;][et_pb_image src=&#8221;http:\/\/www.plexo.edu.uy\/wp-content\/uploads\/2017\/11\/126.Con-el-agua-al-cuello.jpg&#8221; url=&#8221;http:\/\/www.plexo.edu.uy\/wp-content\/uploads\/2018\/08\/126.Con-el-agua-al-cuello-Petros-Markaris.epub&#8221; url_new_window=&#8221;on&#8221; _builder_version=&#8221;3.2&#8243;]<br \/>\n&nbsp;<br \/>\n[\/et_pb_image][et_pb_text _builder_version=&#8221;3.0.86&#8243;]<br \/>\n<strong>CON EL AGUA AL CUELLO<\/strong><br \/>\nPetros M\u00e1rkaris<br \/>\n[\/et_pb_text][\/et_pb_column][et_pb_column type=&#8221;1_6&#8243;][et_pb_image src=&#8221;http:\/\/www.plexo.edu.uy\/wp-content\/uploads\/2017\/11\/127.El-tiempo-que-querria.jpg&#8221; url=&#8221;http:\/\/www.plexo.edu.uy\/wp-content\/uploads\/2018\/08\/127.El-tiempo-que-querria-Fabio-Volo.epub&#8221; url_new_window=&#8221;on&#8221; _builder_version=&#8221;3.2&#8243;]<br \/>\n&nbsp;<br \/>\n[\/et_pb_image][et_pb_text _builder_version=&#8221;3.0.86&#8243;]<br \/>\n<strong>EL TIEMPO QUE QUERR\u00cdA<\/strong><br \/>\nFabio Volo<br \/>\n[\/et_pb_text][\/et_pb_column][et_pb_column type=&#8221;1_6&#8243;][et_pb_image src=&#8221;http:\/\/www.plexo.edu.uy\/wp-content\/uploads\/2017\/11\/128.La-fuerza-de-la-Razon.jpg&#8221; url=&#8221;http:\/\/www.plexo.edu.uy\/wp-content\/uploads\/2018\/08\/128.La-fuerza-de-la-Razon-Oriana-Fallaci.epub&#8221; url_new_window=&#8221;on&#8221; _builder_version=&#8221;3.2&#8243;]<br \/>\n&nbsp;<br \/>\n[\/et_pb_image][et_pb_text _builder_version=&#8221;3.0.86&#8243;]<br \/>\n<strong>LA FUERZA DE LA RAZ\u00d3N<\/strong><br \/>\nOriana Fallaci<br \/>\n[\/et_pb_text][\/et_pb_column][et_pb_column type=&#8221;1_6&#8243;][et_pb_image src=&#8221;http:\/\/www.plexo.edu.uy\/wp-content\/uploads\/2017\/11\/129.Novecento.jpg&#8221; url=&#8221;http:\/\/www.plexo.edu.uy\/wp-content\/uploads\/2018\/08\/129.Novecento-Alessandro-Baricco.epub&#8221; url_new_window=&#8221;on&#8221; _builder_version=&#8221;3.2&#8243;]<br \/>\n&nbsp;<br \/>\n[\/et_pb_image][et_pb_text _builder_version=&#8221;3.0.86&#8243;]<br \/>\n<strong>NOVECENTO<\/strong><br \/>\nAlessandro Baricco<br \/>\n[\/et_pb_text][\/et_pb_column][\/et_pb_row][et_pb_row custom_padding=&#8221;27px|0px|27px|0px&#8221; _builder_version=&#8221;3.0.47&#8243; background_size=&#8221;initial&#8221; background_position=&#8221;top_left&#8221; background_repeat=&#8221;repeat&#8221;][et_pb_column type=&#8221;1_6&#8243;][et_pb_image src=&#8221;http:\/\/www.plexo.edu.uy\/wp-content\/uploads\/2017\/11\/130.Pan-educacion-libertad.jpg&#8221; url=&#8221;http:\/\/www.plexo.edu.uy\/wp-content\/uploads\/2018\/08\/130.Pan-educacion-libertad-Petros-Markaris.epub&#8221; url_new_window=&#8221;on&#8221; _builder_version=&#8221;3.2&#8243;]<br \/>\n&nbsp;<br \/>\n[\/et_pb_image][et_pb_text _builder_version=&#8221;3.0.86&#8243;]<br \/>\n<strong>PAN, EDUCACI\u00d3N, LIBERTAD<\/strong><br \/>\nPetros M\u00e1rkaris<br \/>\n[\/et_pb_text][\/et_pb_column][et_pb_column type=&#8221;1_6&#8243;][et_pb_image src=&#8221;http:\/\/www.plexo.edu.uy\/wp-content\/uploads\/2017\/11\/131.Roma-eterna.jpg&#8221; url=&#8221;http:\/\/www.plexo.edu.uy\/wp-content\/uploads\/2018\/08\/131.Roma-eterna-Robert-Silverberg.epub&#8221; url_new_window=&#8221;on&#8221; _builder_version=&#8221;3.2&#8243;]<br \/>\n&nbsp;<br \/>\n[\/et_pb_image][et_pb_text _builder_version=&#8221;3.0.86&#8243;]<br \/>\n<strong>ROMA ETERNA<\/strong><br \/>\nRobert Silverberg<br \/>\n[\/et_pb_text][\/et_pb_column][et_pb_column type=&#8221;1_6&#8243;][et_pb_image src=&#8221;http:\/\/www.plexo.edu.uy\/wp-content\/uploads\/2017\/11\/132.Tu-el-inmortal.jpg&#8221; url=&#8221;http:\/\/www.plexo.edu.uy\/wp-content\/uploads\/2018\/08\/132.Tu-el-inmortal-Roger-Zelazny.epub&#8221; url_new_window=&#8221;on&#8221; _builder_version=&#8221;3.2&#8243;]<br \/>\n&nbsp;<br \/>\n[\/et_pb_image][et_pb_text _builder_version=&#8221;3.0.86&#8243;]<br \/>\n<strong>T\u00da, EL INMORTAL<\/strong><br \/>\nRoger Zelazny<br \/>\n[\/et_pb_text][\/et_pb_column][et_pb_column type=&#8221;1_6&#8243;][et_pb_image src=&#8221;http:\/\/www.plexo.edu.uy\/wp-content\/uploads\/2017\/11\/133.Ultima-Roma.jpg&#8221; url=&#8221;http:\/\/www.plexo.edu.uy\/wp-content\/uploads\/2018\/08\/133.Ultima-Roma-Leon-Arsenal.epub&#8221; url_new_window=&#8221;on&#8221; _builder_version=&#8221;3.2&#8243;]<br \/>\n&nbsp;<br \/>\n[\/et_pb_image][et_pb_text _builder_version=&#8221;3.0.86&#8243;]<br \/>\n<strong>\u00daLTIMA ROMA<\/strong><br \/>\nLe\u00f3n Arsenal<br \/>\n[\/et_pb_text][\/et_pb_column][et_pb_column type=&#8221;1_6&#8243;][\/et_pb_column][et_pb_column type=&#8221;1_6&#8243;][\/et_pb_column][\/et_pb_row][\/et_pb_section][et_pb_section bb_built=&#8221;1&#8243; _builder_version=&#8221;3.0.47&#8243; custom_padding=&#8221;0px|0px|0px|0px&#8221; prev_background_color=&#8221;#000000&#8243; next_background_color=&#8221;#000000&#8243;][et_pb_row custom_padding=&#8221;0px|0px|0px|0px&#8221; _builder_version=&#8221;3.0.47&#8243; background_size=&#8221;initial&#8221; background_position=&#8221;top_left&#8221; background_repeat=&#8221;repeat&#8221;][et_pb_column type=&#8221;4_4&#8243;][et_pb_divider color=&#8221;#898989&#8243; show_divider=&#8221;on&#8221; _builder_version=&#8221;3.0.86&#8243;]<br \/>\n&nbsp;<br \/>\n[\/et_pb_divider][\/et_pb_column][\/et_pb_row][et_pb_row custom_padding=&#8221;12px|0px|0px|0px&#8221; _builder_version=&#8221;3.0.47&#8243; background_size=&#8221;initial&#8221; background_position=&#8221;top_left&#8221; background_repeat=&#8221;repeat&#8221;][et_pb_column type=&#8221;4_4&#8243;][et_pb_text _builder_version=&#8221;3.0.86&#8243; module_alignment=&#8221;left&#8221;]<\/p>\n<h3>PEN\u00cdNSULA IB\u00c9RICA<\/h3>\n<p>[\/et_pb_text][\/et_pb_column][\/et_pb_row][et_pb_row custom_padding=&#8221;27px|0px|0px|0px&#8221; _builder_version=&#8221;3.0.47&#8243; background_size=&#8221;initial&#8221; background_position=&#8221;top_left&#8221; background_repeat=&#8221;repeat&#8221;][et_pb_column type=&#8221;1_6&#8243;][et_pb_image src=&#8221;http:\/\/www.plexo.edu.uy\/wp-content\/uploads\/2017\/11\/145.Todas-las-almas.jpg&#8221; url=&#8221;http:\/\/www.plexo.edu.uy\/wp-content\/uploads\/2018\/08\/145.Todas-las-almas-Javier-Marias.epub&#8221; url_new_window=&#8221;on&#8221; _builder_version=&#8221;3.2&#8243;]<br \/>\n&nbsp;<br \/>\n[\/et_pb_image][et_pb_text _builder_version=&#8221;3.0.86&#8243;]<br \/>\n<strong>TODAS LAS ALMAS<\/strong><br \/>\nJavier Mar\u00edas<br \/>\n[\/et_pb_text][\/et_pb_column][et_pb_column type=&#8221;1_6&#8243;][et_pb_image src=&#8221;http:\/\/www.plexo.edu.uy\/wp-content\/uploads\/2017\/11\/135.El-hereje.jpg&#8221; url=&#8221;http:\/\/www.plexo.edu.uy\/wp-content\/uploads\/2018\/08\/135.El-hereje-Miguel-Delibes.epub&#8221; url_new_window=&#8221;on&#8221; _builder_version=&#8221;3.2&#8243;]<br \/>\n&nbsp;<br \/>\n[\/et_pb_image][et_pb_text _builder_version=&#8221;3.0.86&#8243;]<br \/>\n<strong>EL HEREJE<\/strong><br \/>\nMiguel Delibes<br \/>\n[\/et_pb_text][\/et_pb_column][et_pb_column type=&#8221;1_6&#8243;][et_pb_image src=&#8221;http:\/\/www.plexo.edu.uy\/wp-content\/uploads\/2017\/11\/136.El-lector-de-Julio-Verne.jpg&#8221; url=&#8221;http:\/\/www.plexo.edu.uy\/wp-content\/uploads\/2018\/08\/136.El-lector-de-Julio-Verne-Almudena-Grandes.epub&#8221; url_new_window=&#8221;on&#8221; _builder_version=&#8221;3.2&#8243;]<br \/>\n&nbsp;<br \/>\n[\/et_pb_image][et_pb_text _builder_version=&#8221;3.0.86&#8243;]<br \/>\n<strong>EL LECTOR DE JULIO VERNE<\/strong><br \/>\nAlmudena Grandes<br \/>\n[\/et_pb_text][\/et_pb_column][et_pb_column type=&#8221;1_6&#8243;][et_pb_image src=&#8221;http:\/\/www.plexo.edu.uy\/wp-content\/uploads\/2017\/11\/137.El-prisionero-del-cielo.jpg&#8221; url=&#8221;http:\/\/www.plexo.edu.uy\/wp-content\/uploads\/2018\/08\/137.El-prisionero-del-cielo-Carlos-Ruiz-Zafon.epub&#8221; url_new_window=&#8221;on&#8221; _builder_version=&#8221;3.2&#8243;]<br \/>\n&nbsp;<br \/>\n[\/et_pb_image][et_pb_text _builder_version=&#8221;3.0.86&#8243;]<br \/>\n<strong>EL PRISIONERO DEL CIELO<\/strong><br \/>\nCarlos Ruiz Zaf\u00f3n<br \/>\n[\/et_pb_text][\/et_pb_column][et_pb_column type=&#8221;1_6&#8243;][et_pb_image src=&#8221;http:\/\/www.plexo.edu.uy\/wp-content\/uploads\/2017\/11\/138.Ensayo-sobre-la-ceguera.jpg&#8221; url=&#8221;http:\/\/www.plexo.edu.uy\/wp-content\/uploads\/2018\/08\/138.Ensayo-sobre-la-ceguera-Jose-Saramago.epub&#8221; url_new_window=&#8221;on&#8221; _builder_version=&#8221;3.2&#8243;]<br \/>\n&nbsp;<br \/>\n[\/et_pb_image][et_pb_text _builder_version=&#8221;3.0.86&#8243;]<br \/>\n<strong>ENSAYO SOBRE LA CEGUERA<\/strong><br \/>\nJos\u00e9 Saramago<br \/>\n[\/et_pb_text][\/et_pb_column][et_pb_column type=&#8221;1_6&#8243;][et_pb_image src=&#8221;http:\/\/www.plexo.edu.uy\/wp-content\/uploads\/2017\/11\/139.La-balsa-de-piedra.jpg&#8221; url=&#8221;http:\/\/www.plexo.edu.uy\/wp-content\/uploads\/2018\/08\/139.La-balsa-de-piedra-Jose-Saramago.epub&#8221; url_new_window=&#8221;on&#8221; _builder_version=&#8221;3.2&#8243;]<br \/>\n&nbsp;<br \/>\n[\/et_pb_image][et_pb_text _builder_version=&#8221;3.0.86&#8243;]<br \/>\n<strong>LA BALSA DE PIEDRA<\/strong><br \/>\nJos\u00e9 Saramago<br \/>\n[\/et_pb_text][\/et_pb_column][\/et_pb_row][et_pb_row custom_padding=&#8221;27px|0px|80px|0px&#8221; _builder_version=&#8221;3.0.47&#8243; background_size=&#8221;initial&#8221; background_position=&#8221;top_left&#8221; background_repeat=&#8221;repeat&#8221;][et_pb_column type=&#8221;1_6&#8243;][et_pb_image src=&#8221;http:\/\/www.plexo.edu.uy\/wp-content\/uploads\/2017\/11\/140.La-sonrisa-de-Madrid.jpg&#8221; url=&#8221;http:\/\/www.plexo.edu.uy\/wp-content\/uploads\/2018\/08\/140.La-sonrisa-de-Madrid-Lola-Salvador-Maldonado.epub&#8221; url_new_window=&#8221;on&#8221; _builder_version=&#8221;3.2&#8243;]<br \/>\n&nbsp;<br \/>\n[\/et_pb_image][et_pb_text _builder_version=&#8221;3.0.86&#8243;]<br \/>\n<strong>LA SONRISA DE MADRID<\/strong><br \/>\nLola Salvador Maldonado<br \/>\n[\/et_pb_text][\/et_pb_column][et_pb_column type=&#8221;1_6&#8243;][et_pb_image src=&#8221;http:\/\/www.plexo.edu.uy\/wp-content\/uploads\/2017\/11\/141.La-tabla-de-Flandes.jpg&#8221; url=&#8221;http:\/\/www.plexo.edu.uy\/wp-content\/uploads\/2018\/08\/141.La-tabla-de-Flandes-Arturo-Perez-Reverte.epub&#8221; url_new_window=&#8221;on&#8221; _builder_version=&#8221;3.2&#8243;]<br \/>\n&nbsp;<br \/>\n[\/et_pb_image][et_pb_text _builder_version=&#8221;3.0.86&#8243;]<br \/>\n<strong>LA TABLA DE FLANDES<\/strong><br \/>\nArturo P\u00e9rez-Reverte<br \/>\n[\/et_pb_text][\/et_pb_column][et_pb_column type=&#8221;1_6&#8243;][et_pb_image src=&#8221;http:\/\/www.plexo.edu.uy\/wp-content\/uploads\/2017\/11\/142.Lo-que-me-queda-por-vivir.jpg&#8221; url=&#8221;http:\/\/www.plexo.edu.uy\/wp-content\/uploads\/2018\/08\/142.Lo-que-me-queda-por-vivir-Elvira-Lindo.epub&#8221; url_new_window=&#8221;on&#8221; _builder_version=&#8221;3.2&#8243;]<br \/>\n&nbsp;<br \/>\n[\/et_pb_image][et_pb_text _builder_version=&#8221;3.0.86&#8243;]<br \/>\n<strong>LO QUE ME QUEDA POR VIVIR<\/strong><br \/>\nElvira Lindo<br \/>\n[\/et_pb_text][\/et_pb_column][et_pb_column type=&#8221;1_6&#8243;][et_pb_image src=&#8221;http:\/\/www.plexo.edu.uy\/wp-content\/uploads\/2017\/11\/143.Los-pilotos-de-altura.jpg&#8221; url=&#8221;http:\/\/www.plexo.edu.uy\/wp-content\/uploads\/2018\/08\/143.Los-pilotos-de-altura-Pio-Baroja.epub&#8221; url_new_window=&#8221;on&#8221; _builder_version=&#8221;3.2&#8243;]<br \/>\n&nbsp;<br \/>\n[\/et_pb_image][et_pb_text _builder_version=&#8221;3.0.86&#8243;]<br \/>\n<strong>LOS PILOTOS DE ALTURA<\/strong><br \/>\nP\u00edo Baroja<br \/>\n[\/et_pb_text][\/et_pb_column][et_pb_column type=&#8221;1_6&#8243;][et_pb_image src=&#8221;http:\/\/www.plexo.edu.uy\/wp-content\/uploads\/2017\/11\/144.Patente-de-corso-2014.jpg&#8221; url=&#8221;http:\/\/www.plexo.edu.uy\/wp-content\/uploads\/2018\/08\/144.Patente-de-corso-2014-Arturo-Perez-Reverte.epub&#8221; url_new_window=&#8221;on&#8221; _builder_version=&#8221;3.2&#8243;]<br \/>\n&nbsp;<br \/>\n[\/et_pb_image][et_pb_text _builder_version=&#8221;3.0.86&#8243;]<br \/>\n<strong>PATENTE DE CORSO, 2014<\/strong><br \/>\nArturo P\u00e9rez-Reverte<br \/>\n[\/et_pb_text][\/et_pb_column][et_pb_column type=&#8221;1_6&#8243;][\/et_pb_column][\/et_pb_row][\/et_pb_section][et_pb_section bb_built=&#8221;1&#8243; _builder_version=&#8221;3.0.47&#8243; custom_padding=&#8221;0px|0px|0px|0px&#8221; prev_background_color=&#8221;#000000&#8243;][et_pb_row custom_padding=&#8221;0px|0px|70px|0px&#8221; _builder_version=&#8221;3.0.47&#8243; background_size=&#8221;initial&#8221; background_position=&#8221;top_left&#8221; background_repeat=&#8221;repeat&#8221;][et_pb_column type=&#8221;4_4&#8243;][et_pb_divider color=&#8221;#898989&#8243; show_divider=&#8221;on&#8221; _builder_version=&#8221;3.0.86&#8243;]<br \/>\n&nbsp;<br \/>\n[\/et_pb_divider][\/et_pb_column][\/et_pb_row][et_pb_row custom_padding=&#8221;0px|0px|90px|0px&#8221; _builder_version=&#8221;3.0.86&#8243;][et_pb_column type=&#8221;1_4&#8243;][et_pb_image src=&#8221;http:\/\/www.plexo.edu.uy\/wp-content\/uploads\/2017\/11\/1-3.jpg&#8221; url=&#8221;http:\/\/www.plexo.edu.uy\/lecturas-bloque-1\/&#8221; url_new_window=&#8221;off&#8221; _builder_version=&#8221;3.2&#8243; show_in_lightbox=&#8221;off&#8221; use_overlay=&#8221;off&#8221; always_center_on_mobile=&#8221;on&#8221; force_fullwidth=&#8221;off&#8221; show_bottom_space=&#8221;on&#8221;]<br \/>\n&nbsp;<br \/>\n[\/et_pb_image][et_pb_text _builder_version=&#8221;3.0.86&#8243; text_line_height=&#8221;2em&#8221; background_layout=&#8221;light&#8221;]<br \/>\n<a href=\"http:\/\/www.plexo.edu.uy\/lecturas-bloque-1\/\" rel=\"noopener\">Ir a lecturas bloque 1<\/a><br \/>\n[\/et_pb_text][\/et_pb_column][et_pb_column type=&#8221;1_4&#8243;][et_pb_image src=&#8221;http:\/\/www.plexo.edu.uy\/wp-content\/uploads\/2017\/11\/2-3.jpg&#8221; url=&#8221;http:\/\/www.plexo.edu.uy\/lecturas-bloque-2\/&#8221; url_new_window=&#8221;off&#8221; _builder_version=&#8221;3.0.86&#8243; show_in_lightbox=&#8221;off&#8221; use_overlay=&#8221;off&#8221; always_center_on_mobile=&#8221;on&#8221; force_fullwidth=&#8221;off&#8221; show_bottom_space=&#8221;on&#8221;]<br \/>\n&nbsp;<br \/>\n[\/et_pb_image][et_pb_text _builder_version=&#8221;3.0.86&#8243; text_line_height=&#8221;2em&#8221; background_layout=&#8221;light&#8221;]<br \/>\n<a href=\"http:\/\/www.plexo.edu.uy\/lecturas-bloque-2\/\" rel=\"noopener\">Ir a lecturas bloque 2<\/a><br \/>\n[\/et_pb_text][\/et_pb_column][et_pb_column type=&#8221;1_4&#8243;][et_pb_image src=&#8221;http:\/\/www.plexo.edu.uy\/wp-content\/uploads\/2017\/11\/3-3.jpg&#8221; url=&#8221;http:\/\/www.plexo.edu.uy\/lecturas-bloque-3\/&#8221; url_new_window=&#8221;off&#8221; _builder_version=&#8221;3.0.86&#8243; show_in_lightbox=&#8221;off&#8221; use_overlay=&#8221;off&#8221; always_center_on_mobile=&#8221;on&#8221; force_fullwidth=&#8221;off&#8221; show_bottom_space=&#8221;on&#8221;]<br \/>\n&nbsp;<br \/>\n[\/et_pb_image][et_pb_text _builder_version=&#8221;3.0.86&#8243; text_line_height=&#8221;2em&#8221; background_layout=&#8221;light&#8221;]<br \/>\n<a href=\"http:\/\/www.plexo.edu.uy\/lecturas-bloque-3\/\" rel=\"noopener\">Ir a lecturas bloque 3<\/a><br \/>\n[\/et_pb_text][\/et_pb_column][et_pb_column type=&#8221;1_4&#8243;][et_pb_image src=&#8221;http:\/\/www.plexo.edu.uy\/wp-content\/uploads\/2017\/11\/5-1.jpg&#8221; url=&#8221;http:\/\/www.plexo.edu.uy\/lecturas-5-historia\/&#8221; url_new_window=&#8221;off&#8221; _builder_version=&#8221;3.0.86&#8243; show_in_lightbox=&#8221;off&#8221; use_overlay=&#8221;off&#8221; always_center_on_mobile=&#8221;on&#8221; force_fullwidth=&#8221;off&#8221; show_bottom_space=&#8221;on&#8221;]<br \/>\n&nbsp;<br \/>\n[\/et_pb_image][et_pb_text _builder_version=&#8221;3.0.86&#8243; text_line_height=&#8221;2em&#8221; background_layout=&#8221;light&#8221;]<br \/>\n<a href=\"http:\/\/www.plexo.edu.uy\/lecturas-5-historia\/\" rel=\"noopener\">Ir a lecturas historia general<\/a><br \/>\n[\/et_pb_text][\/et_pb_column][\/et_pb_row][\/et_pb_section]<\/p>\n","protected":false},"excerpt":{"rendered":"<p>EUROPA CENTRAL &nbsp; \u00a1TIERRA, TIERRA! S\u00e1ndor M\u00e1rai &nbsp; EL CEMENTERIO DE PRAGA Umberto Eco &nbsp; EL CORAZ\u00d3N DE LAS TINIEBLAS Joseph Conrad &nbsp; EL PIANISTA DEL GUETO DE VARSOVIA Wladyslaw Szpilman &nbsp; EL \u00daLTIMO ENCUENTRO S\u00e1ndor M\u00e1rai &nbsp; LA CONDENA Franz Kafka &nbsp; LA FIESTA DE LA INSIGNIFICANCIA Milan Kundera &nbsp; LA LENTITUD Milan Kundera [&hellip;]<\/p>\n","protected":false},"author":1,"featured_media":0,"parent":0,"menu_order":0,"comment_status":"closed","ping_status":"closed","template":"","meta":{"_et_pb_use_builder":"on","_et_pb_old_content":"","_et_gb_content_width":""},"_links":{"self":[{"href":"https:\/\/viaje18.plexo.edu.uy\/index.php\/wp-json\/wp\/v2\/pages\/3013"}],"collection":[{"href":"https:\/\/viaje18.plexo.edu.uy\/index.php\/wp-json\/wp\/v2\/pages"}],"about":[{"href":"https:\/\/viaje18.plexo.edu.uy\/index.php\/wp-json\/wp\/v2\/types\/page"}],"author":[{"embeddable":true,"href":"https:\/\/viaje18.plexo.edu.uy\/index.php\/wp-json\/wp\/v2\/users\/1"}],"replies":[{"embeddable":true,"href":"https:\/\/viaje18.plexo.edu.uy\/index.php\/wp-json\/wp\/v2\/comments?post=3013"}],"version-history":[{"count":0,"href":"https:\/\/viaje18.plexo.edu.uy\/index.php\/wp-json\/wp\/v2\/pages\/3013\/revisions"}],"wp:attachment":[{"href":"https:\/\/viaje18.plexo.edu.uy\/index.php\/wp-json\/wp\/v2\/media?parent=3013"}],"curies":[{"name":"wp","href":"https:\/\/api.w.org\/{rel}","templated":true}]}}